{"id":1248,"date":"2021-05-26T12:45:35","date_gmt":"2021-05-26T12:45:35","guid":{"rendered":"https:\/\/neu.galeriekrobath.at\/artists\/kolar-jiri\/"},"modified":"2023-01-13T14:24:19","modified_gmt":"2023-01-13T14:24:19","slug":"kolar-jiri","status":"publish","type":"person","link":"https:\/\/www.galeriekrobath.at\/en\/artists\/kolar-jiri\/","title":{"rendered":"Kol\u00e1\u0159, Ji\u0159\u00ed"},"content":{"rendered":"\n<h2 class=\"wp-block-heading\">Ji\u0159\u00ed Kol\u00e1\u0159<\/h2>\n\n\n\n<p>Born 1914 in Protiv\u00edn, Czech Republic.<br>Died 2002 in Prague, Czech Republic.<\/p>\n\n\n\n<div class=\"wp-block-columns is-layout-flex wp-container-core-columns-is-layout-9d6595d7 wp-block-columns-is-layout-flex\">\n<div class=\"wp-block-column is-layout-flow wp-block-column-is-layout-flow\">\n<h2 class=\"wp-block-heading\">Solo Exhibitions<\/h2>\n\n\n\n<figure class=\"wp-block-table\"><table><tbody><tr><td>2010\t<\/td><td>Ji\u0159\u00ed Kol\u00e1\u0159 &#8211; 99 Collage&nbsp;&#8211;&nbsp;GAMeC &#8211; Galleria d\u00b4Arte Moderna e Contemporanea di Bergamo, \tBergamo<\/td><\/tr><tr><td><\/td><td>Ji\u0159\u00ed Kol\u00e1\u0159 &#8211; chiasmage&nbsp;&#8211;&nbsp;Galleria Melesi, Lecco<\/td><\/tr><tr><td>2009\t <\/td><td>Ji\u0159\u00ed Kol\u00e1\u0159_Objekte und Collagen_Galerie Ernst Hilger, Vienna 2008, Vienna&nbsp;<\/td><\/tr><tr><td>2008\t<\/td><td>\u00c0 la librairie&nbsp;&#8211;&nbsp;Galerie Lelong &#8211; Paris, Paris<\/td><\/tr><tr><td>2007\t<\/td><td>Ji\u0159\u00ed Kol\u00e1\u0159&nbsp;&#8211;&nbsp;Pavel Zoubok Gallery, New York City, NY<\/td><\/tr><tr><td>2006\t<\/td><td>A Walk with Ji\u0159\u00ed Kol\u00e1\u0159 &#8211; Museum Kampa&nbsp;&#8211;&nbsp;Museum Kampa &#8211; The Jan and Meda Ml\u00e1dek \tFoundation, Prague<\/td><\/tr><tr><td>2005\t<\/td><td>Velo d&#8217;amore &#8211; L\u2019opera sacra in Ji\u0159\u00ed Kol\u00e1\u0159&nbsp;&#8211;&nbsp;Galleria Melesi, Lecco<\/td><\/tr><tr><td>2003\t<\/td><td>Ji\u0159\u00ed Kol\u00e1\u0159&nbsp;&#8211;&nbsp;Amos Anderson Art Museum, Helsinki<\/td><\/tr><tr><td><\/td><td>Ji\u0159\u00ed Kol\u00e1\u0159 &#8211; Werke der sechziger Jahre&nbsp;&#8211;&nbsp;Neues Museum &#8211; Staatliches Museum f\u00fcr Kunst und \tDesign in N\u00fcrnberg, Nuremberg<\/td><\/tr><tr><td>2002\t<\/td><td>Ji\u0159\u00ed Kol\u00e1\u0159 &#8211; Cristalli di genio dal collage boemo&nbsp;&#8211;&nbsp;Galleria Open Art, Prato<\/td><\/tr><tr><td>1999\t<\/td><td>Afrikolar &#8211; Ji\u0159\u00ed Kol\u00e1\u0159 e sculture dell&#8217;Africa nera&nbsp;&#8211;&nbsp;Galleria Melesi, Lecco<\/td><\/tr><tr><td>1998\t<\/td><td>Ji\u0159\u00ed Kol\u00e1\u0159 &#8211; Collages (from the Mladek Collection)&nbsp;&#8211;&nbsp;Ludwig Museum &#8211; Museum of \tContemporary Art &#8211; Budapest, Budapest<\/td><\/tr><tr><td><\/td><td>Ji\u0159\u00ed Kol\u00e1\u0159&nbsp;&#8211;&nbsp;MMK Museum Moderner Kunst &#8211; Stiftung W\u00f6rlen, Passau<\/td><\/tr><tr><td>1993\t<\/td><td>Ji\u0159\u00ed Kol\u00e1\u0159&nbsp;&#8211;&nbsp;Galleria Melesi, Lecco<\/td><\/tr><tr><td><\/td><td>Ji\u0159\u00ed Kol\u00e1\u0159&nbsp;&#8211;&nbsp;Malm\u00f6 Konsthall, Malm\u00f6<\/td><\/tr><tr><td>1990\t<\/td><td>Ji\u0159\u00ed Kol\u00e1\u0159 &#8211; Retrospective 1937-87&nbsp;&#8211;&nbsp;Kettle&#8217;s Yard, Cambridge, Cambridgeshire (England)<\/td><\/tr><tr><td>1982\t<\/td><td>Neue Collagen und Chiasmagen&nbsp;&#8211;&nbsp;Galerie Inge Baecker, Bad M\u00fcnstereifel<\/td><\/tr><tr><td>1980\t<\/td><td>Neue Arbeiten&nbsp;&#8211;&nbsp;Galerie Inge Baecker, Bad M\u00fcnstereifel<\/td><\/tr><\/tbody><\/table><\/figure>\n<\/div>\n\n\n\n<div class=\"wp-block-column is-layout-flow wp-block-column-is-layout-flow\">\n<h2 class=\"wp-block-heading\">Group Exhibitions<\/h2>\n\n\n\n<figure class=\"wp-block-table\"><table><tbody><tr><td>2022<\/td><td>Curated by &#8220;KELET&#8221;, Gallery Krobath Vienna<\/td><\/tr><tr><td>2011\t<\/td><td>Curated by _ M\u00e1rie Klime\u0161ov\u00e1\u00a0&#8211;\u00a0Bela Kolarova\/Ji\u0159\u00ed Kol\u00e1\u0159, Gallery Krobath Vienna<\/td><\/tr><tr><td><\/td><td>Gerissen-Geschnitten-Geklebt&nbsp;&#8211;&nbsp;Gesellschaft f\u00fcr Kunst und Gestaltung, Bonn<\/td><\/tr><tr><td>2010\t<\/td><td>Cosa fa la mia anima mentre sto lavorando?&nbsp;&#8211;&nbsp;GAM &#8211; Civica Galleria d&#8217;Arte Moderna di \tGallarate, Gallarte (VA)<\/td><\/tr><tr><td><\/td><td>Telling Tales&nbsp;&#8211;&nbsp;Albright-Knox Art Gallery, Buffalo, NY<\/td><\/tr><tr><td><\/td><td>Avanguardia anni &#8217;60-&#8217;70&nbsp;&#8211;&nbsp;P420 Arte Contemporanea, Bologna<\/td><\/tr><tr><td>2009\t<\/td><td>Collagen Sammeln&nbsp;&#8211;&nbsp;Kunstverein Augsburg e.V., Augsburg<\/td><\/tr><tr><td><\/td><td>R\u00dcCKSCHAU IN DIE MODERNE &#8211; Grafik und Malerei im 20. Jahrhundert aus der Sammlung \tRichard H. Mayer&nbsp;&#8211;&nbsp;Museum Junge Kunst, Frankfurt \/ Oder<\/td><\/tr><tr><td><\/td><td>El tiempo del Arte&nbsp;&#8211;&nbsp;Fundaci\u00f3n PROA, Buenos Aires<\/td><\/tr><tr><td><\/td><td>COLLAGE, LONDON\/NEW YORK&nbsp;&#8211;&nbsp;Fred [London] Ltd., London (England)<\/td><\/tr><tr><td><\/td><td>Ingres et les modernes&nbsp;&#8211;&nbsp;Mus\u00e9e Ingres, Montauban<\/td><\/tr><tr><td><\/td><td>Kreuzungspunkte Linz. Junge Kunst und Meisterwerke&nbsp;&#8211;&nbsp;Lentos Kunstmuseum Linz, Linz<\/td><\/tr><tr><td><\/td><td>From plaster to chewing gum \/ Author\u00b4s techniques and strategies&nbsp;&#8211;&nbsp;Nitra Gallery \/ \tNitrianska Galeria, Nitra<\/td><\/tr><tr><td><\/td><td>Mit konkreter Kunst leben &#8211; Die Sammlung von Hans-Peter Riese&nbsp;&#8211;&nbsp;Gesellschaft f\u00fcr \tKunst und Gestaltung, Bonn<\/td><\/tr><tr><td><\/td><td>Esposizione Universale&nbsp;&#8211;&nbsp;GAMeC &#8211; Galleria d\u00b4Arte Moderna e Contemporanea di \tBergamo, Bergamo<\/td><\/tr><tr><td>2008<\/td><td>\u010cesk\u00e9 a slovensk\u00e9 v\u00fdtvarn\u00e9 umenie \u0161es\u0165desiatych rokov 20. storo\u010dia&nbsp;&#8211;&nbsp;Galerie V\u00fdtvarn\u00e9ho \tUmen\u00ed \/ Regional Art Gallery, Zl\u00edn<\/td><\/tr><tr><td><\/td><td>1960- Sucasnost \/ Slovenske umenie cesti hoste&nbsp;&#8211;&nbsp;City Gallery Prague \/ Galerie Hlavn\u00edho \tM\u011bsta Prahy, Prague<\/td><\/tr><tr><td><\/td><td>ext Messaging&nbsp;&#8211;&nbsp;The Islip Art Museum, East Islip, NY<\/td><\/tr><tr><td><\/td><td>POP und die Folgen&nbsp;&#8211;&nbsp;Museum der Stadt Ratingen, Ratingen<\/td><\/tr><tr><td><\/td><td>\u010cesk\u00e9 a slovensk\u00e9 v\u00fdtvarn\u00e9 umenie \u0161es\u0165desiatych rokov 20. storo\u010dia&nbsp;&#8211;&nbsp;Gallery of M. A. \tBazovsky, Tren\u010d\u00edn<\/td><\/tr><tr><td><\/td><td>Ji\u0159\u00ed Kol\u00e1\u0159 und Hans Hartung &#8211; Originale aus den 60er und 70er Jahren \u2013 Galerie Art 204, \tDusseldorf<\/td><\/tr><tr><td><\/td><td>L\u2019USAGE DE LA PAROLE&nbsp;&#8211;&nbsp;Artiscope, Brussels<\/td><\/tr><tr><td><\/td><td>Konkret! Mappenwerke aus vier Jahrzehnten&nbsp;&#8211;&nbsp;KOG &#8211; Kunstforum Ostdeutsche Galerie, \tRegensburg<\/td><\/tr><tr><td><\/td><td>Beautiful People&nbsp;&#8211;&nbsp;Centre d\u2019Art la Panera, Lleida<\/td><\/tr><tr><td>2007\t<\/td><td>Kleines Format&nbsp;&#8211;&nbsp;Galerie Franz Swetec, Dusseldorf<\/td><\/tr><tr><td><\/td><td>Addicted to Paper&nbsp;&#8211;&nbsp;Galerie Lelong &#8211; Z\u00fcrich, Zurich<\/td><\/tr><tr><td><\/td><td>Homenaje a Picasso&nbsp;&#8211;&nbsp;MNBA &#8211; Museo Nacional de Bellas Artes Santiago Chile, Santiago<\/td><\/tr><tr><td><\/td><td>Menschenbilder \u2013 Galerie 422, Gmunden<\/td><\/tr><tr><td><\/td><td>Originale auf Leinwand und Papier \u2013 Galerie 204, D\u00fcsseldorf<\/td><\/tr><tr><td><\/td><td>Beautiful People et la Blessure Secr\u00e8te&nbsp;&#8211;&nbsp;Crac Alsace, Altkirch<\/td><\/tr><tr><td><\/td><td>15&#215;15&nbsp;&#8211;&nbsp;Forte di Belvedere, Florence<\/td><\/tr><tr><td><\/td><td>Klang im Bild&nbsp;&#8211;&nbsp;Opelvillen, R\u00fcsselsheim<\/td><\/tr><tr><td>2006\t<\/td><td>Tuttolibri&nbsp;&#8211;&nbsp;Galleria Milano, Milan<\/td><\/tr><tr><td><\/td><td>Bon Appetit \u2013 Galerie Lisi H\u00e4mmerle, Bregenz<\/td><\/tr><tr><td><\/td><td>Assemblage \u2013 Collage \u2013 D\u00e9collage \u2013 Galerie Ernst Hilger, Vienna<\/td><\/tr><tr><td><\/td><td>Die Gesichter hinter den Bilden&nbsp;&#8211;&nbsp;The Columns, Seoul<\/td><\/tr><tr><td><\/td><td>Giftd &amp; Non-Gifts&nbsp;&#8211;&nbsp;City Gallery Prague \/ Galerie Hlavn\u00edho M\u011bsta Prahy, Prague<\/td><\/tr><tr><td><\/td><td>Face \u00e0 face, portraits choisis&nbsp;&#8211;&nbsp;FRAC &#8211; Nord-Pas de Calais, Dunkerque<\/td><\/tr><tr><td><\/td><td>Nomaden im Kunstsalon &#8211; Begegnungen mit der Moderne von Bayer bis Sol LeWitt&nbsp;&#8211;&nbsp;Lentos \tKunstmuseum Linz, Linz<\/td><\/tr><tr><td>2005\t<\/td><td>K\u00fcnstler-Holzpostkarten aus der Sammlung Hussong&nbsp;&#8211;&nbsp;Museum Schloss Burgk, Burgk<\/td><\/tr><tr><td><\/td><td>East Art Museum&nbsp;&#8211;&nbsp;Karl-Ernst-Osthaus-Museum, Hagen<\/td><\/tr><tr><td><\/td><td>Schrift, Zeichen, Geste. Carlfriedrich Claus im Kontext von Klee bis Pollock&nbsp;&#8211;&nbsp;\tKunstsammlungen Chemnitz, Chemnitz<\/td><\/tr><tr><td><\/td><td>Area &#8217;70&nbsp;&#8211;&nbsp;Cannaviello, Milan<\/td><\/tr><tr><td><\/td><td>Private view (The collection of Josef Chloupek)&nbsp;&#8211;&nbsp;House of the Lords of Kun\u0161t\u00e1t, Brno<\/td><\/tr><tr><td><\/td><td>Bits&#8217;n Pieces&nbsp;&#8211;&nbsp;Galerie J\u00f6llenbeck, Cologne<\/td><\/tr><tr><td><\/td><td>Figure piane&nbsp;&#8211;&nbsp;Galleria Melesi, Lecco<\/td><\/tr><tr><td><\/td><td>R\u00e9sonnances&nbsp;&#8211;&nbsp;Centre de la Gravure et de l&#8217;Image imprim\u00e9e, La Louvi\u00e8re<\/td><\/tr><tr><td>2004\t<\/td><td>Attraversare Genova. Percorsi e linguaggi internazionali del contemporaneo.&nbsp;&#8211;&nbsp;Villa \tCroce Museo d\u00b4Arte Contemporanea, Genoa<\/td><\/tr><tr><td><\/td><td>Leib&nbsp;&#8211;&nbsp;Galerie 3, Klagenfurt<\/td><\/tr><tr><td><\/td><td>SAMEDI RIEN &#8211; Franz\u00f6sisches aus den Siebzigern&nbsp;&#8211;&nbsp;Galerie J\u00f6llenbeck, Cologne<\/td><\/tr><tr><td><\/td><td>Incommunicado&nbsp;&#8211;&nbsp;Cornerhouse, Manchester (England)<\/td><\/tr><tr><td><\/td><td>Passage d\u00b4Europe&nbsp;&#8211;&nbsp;Mus\u00e9e d&#8217;Art moderne de Saint-Etienne, Saint-Etienne<\/td><\/tr><tr><td><\/td><td>Element ZEIT&nbsp;&#8211;&nbsp;&#8211;&nbsp;Krypta 182 Kunstverein Bergisch Gladbach, Bergisch Gladbach&nbsp;\tCollage&nbsp;&#8211;&nbsp;Bloomberg Space, London (England)<\/td><\/tr><tr><td><\/td><td>Incommunicado&nbsp;&#8211;&nbsp;, Edinburgh (Scotland)<\/td><\/tr><tr><td><\/td><td>Hommage a Picasso \u2013 50 K\u00fcnstler \u2013 80 Exponate in verschiedenen Techniken \u2013 \tGalerie Wolfgang Exner, Vienna<\/td><\/tr><tr><td>2003\t<\/td><td>Works on paper from Museum Kampa collection&nbsp;&#8211;&nbsp;City Gallery Prague \/ Galerie Hlavn\u00edho \tM\u011bsta Prahy, Prague<\/td><\/tr><tr><td><\/td><td>Collettiva di arte contemporanea&nbsp;&#8211;&nbsp;Galleria Open Art, Prato<\/td><\/tr><tr><td><\/td><td>Incommunicado&nbsp;&#8211;&nbsp;Sainsbury Centre for Visual Arts, Norwich (England)<\/td><\/tr><tr><td><\/td><td>Collagen&nbsp;&#8211;&nbsp;Galerie Biedermann, Munich<\/td><\/tr><tr><td><\/td><td>Fokus Galeriebestand \u2013 Galerie D\u00f6bele GmbH, Dresden<\/td><\/tr><tr><td><\/td><td>L&#8217;union fait la force; Collages &amp; Assemblages&nbsp;&#8211;&nbsp;Artiscope, Brussels<\/td><\/tr><tr><td><\/td><td>Ausgew\u00e4hlte Originale und Original Graphik \u2013 Galerie 204, D\u00fcsseldorf<\/td><\/tr><tr><td><\/td><td>Ji\u0159\u00ed Kol\u00e1\u0159 \u2013 Gedicht oder Bild\/Michael Baumgartner \u2013 Galerie Ernst Hilger, Vienna<\/td><\/tr><tr><td>2002<\/td><td>Last Exhibition in Cologne&nbsp;&#8211;&nbsp;&#8211;&nbsp;Galerie und Edition Hundertmark &#8211; Cologne, Cologne&nbsp;\t&#8220;Master-prints&#8221;&nbsp;&#8211;&nbsp;Galerie Albert Baumgarten, Freiburg<\/td><\/tr><tr><td><\/td><td>Beyond Preconceptions&nbsp;&#8211;&nbsp;Berkeley Art Museum and Pacific Film Archive BAM\/PFA, Berkeley, CA<\/td><\/tr><tr><td><\/td><td>Ricomincio da te&nbsp;&#8211;&nbsp;Galleria Melesi, Lecco<\/td><\/tr><tr><td><\/td><td>ANIMA &#8211; ANIMUS&nbsp;&#8211;&nbsp;The Brno House of Arts &#8211; Central Building, Brno<\/td><\/tr><tr><td><\/td><td>Eike Grensing \/ Ren\u00e9 Halkett \/ Al Hansen \/ Louis Goodman \/ Ji\u0159i Kol\u00e1\u0159&nbsp;&#8211;&nbsp;Galerie Inge \tBaecker, Bad M\u00fcnstereifel<\/td><\/tr><tr><td>2001<\/td><td>Collagen \u2013 Galerie 422, Gmunden<\/td><\/tr><tr><td><\/td><td>Collector Ji\u0159\u00ed Kol\u00e1\u0159&nbsp;&#8211;&nbsp;National Gallery \/ N\u00e1rodn\u00ed Galerie &#8211; Veletr\u017en\u00ed pal\u00e1c, Prague<\/td><\/tr><tr><td><\/td><td>Object \/ Obejct &#8211; Metamorphoses in Time \/ Metamorf\u00f3zy v \u010dase &#8211;&nbsp;&#8211;&nbsp;Czech Museum of Fine \tArts &#8211; Cesk\u00e9 muzeum vytvarn\u00fdch umeni v Praze, Prague<\/td><\/tr><tr><td><\/td><td>Collettiva Pro Unicef&nbsp;&#8211;&nbsp;Galleria Melesi, Lecco<\/td><\/tr><tr><td><\/td><td>Corps \u00e0 corps&nbsp;&#8211;&nbsp;Centre de la Gravure et de l&#8217;Image imprim\u00e9e, La Louvi\u00e8re<\/td><\/tr><tr><td>1998\t<\/td><td>Un si\u00e8cle de collage en Belgique&nbsp;&#8211;&nbsp;Centre de la Gravure et de l&#8217;Image imprim\u00e9e, La Louvi\u00e8re<\/td><\/tr><tr><td>1997\t<\/td><td>Czech Imaginative Art&nbsp;&#8211;&nbsp;Galerie Rudolfinum, Prague<\/td><\/tr><tr><td><\/td><td>Papierskulptur&nbsp;&#8211;&nbsp;Landesgalerie am Ober\u00f6sterreichischen Landesmuseum, Linz<\/td><\/tr><tr><td><\/td><td>Cartomania&nbsp;&#8211;&nbsp;Galleria Melesi, Lecco<\/td><\/tr><tr><td>1994\t<\/td><td>Time Machine: Ancient Egypt and Contemporary Art&nbsp;&#8211;&nbsp;Institute of International Visual Arts &#8211; \tiniva, London (England)<\/td><\/tr><tr><td><\/td><td>Europa, Europa &#8211; Das Jahrhundert der Avantgarde in Mittel- und Osteuropa&nbsp;&#8211;&nbsp;Kunst- und Ausstellungshalle der Bundesrepublik Deutschland, Bonn<\/td><\/tr><tr><td><\/td><td>blicke ins archiv der edition und galerie hoffmann: konkrete und konstruktive kunst&nbsp;&#8211;&nbsp;\tNassauischer Kunstverein, Wiesbaden<\/td><\/tr><tr><td>1993\t<\/td><td>Dipinto di Blu&nbsp;&#8211;&nbsp;Galleria Melesi, Lecco<\/td><\/tr><tr><td><\/td><td>Collettiva in Bianco e Nero&nbsp;&#8211;&nbsp;Galleria Melesi, Lecco<\/td><\/tr><tr><td>1992\t<\/td><td>Concrete and Visual Poetry&nbsp;&#8211;&nbsp;&#8211;&nbsp;Galerie und Edition <\/td><\/tr><tr><td><\/td><td>Hundertmark &#8211; Cologne, Cologne&nbsp;(closed, 2003)<\/td><\/tr><tr><td><\/td><td>documenta 9&nbsp;&#8211;&nbsp;Documenta, Kassel<\/td><\/tr><tr><td><\/td><td>Sammlung Junge Kunst der K\u00f6nig-Brauerei&nbsp;&#8211;&nbsp;Nassauischer Kunstverein, Wiesbaden<\/td><\/tr><tr><td>1990\t<\/td><td>XLIV. Esposizione Biennale Internazionale d&#8217;Arte della Citt\u00e0 di Venezia&nbsp;&#8211;&nbsp;La \tBiennale di Venezia, Venice<\/td><\/tr><tr><td>1989\t<\/td><td>Une histoire de collections : dons 1984-1989&nbsp;&#8211;&nbsp;Mus\u00e9e d\u00b4art contemporain de \tMontr\u00e9al, Montreal, QC<\/td><\/tr><tr><td>1988\t<\/td><td>Porkkana &#8211; kokoelma: nykytaiteen museon puolesta&nbsp;&#8211;&nbsp;Kiasma &#8211; Museum of \tContemporary Art, Helsinki<\/td><\/tr><tr><td><\/td><td>Vraiment faux&nbsp;&#8211;&nbsp;Fondation Cartier pour l&#8217;art contemporain, Paris<\/td><\/tr><tr><td>1987\t<\/td><td>Mathematik in der Kunst der letzten drei\u00dfig Jahre&nbsp;&#8211;&nbsp;Wilhelm Hack Museum, \tLudwigshafen<\/td><\/tr><tr><td>1986\t<\/td><td>Von zwei Quadraten&nbsp;&#8211;&nbsp;Wilhelm Hack Museum, Ludwigshafen<\/td><\/tr><tr><td><\/td><td>Ji\u0159\u00ed Kol\u00e1\u0159 &amp; Ladislav Novak&nbsp;Galerie und Edition Hundertmark &#8211; Cologne, Cologne&nbsp;<\/td><\/tr><tr><td>1983\t<\/td><td>&#8230;sonst schm\u00fccken wir das Schlachthaus mit Geranien&nbsp;&#8211;&nbsp;GAK &#8211; Gesellschaft f\u00fcr Aktuelle \tKunst e.V. Bremen, Bremen<\/td><\/tr><tr><td>1982\t<\/td><td>III Bienal de Cerveira&nbsp;&#8211;&nbsp;Bienal de Arte de Cerveira, Vila Nova de Cerveira<\/td><\/tr><tr><td><\/td><td>Dada-Montage-Konzept. (L\u00e4ngsschnitte 4).&nbsp;&#8211;&nbsp;Berlinische Galerie, Berlin<\/td><\/tr><tr><td>1977\t<\/td><td>documenta 6&nbsp;&#8211;&nbsp;Documenta, Kassel<\/td><\/tr><tr><td>1973\t<\/td><td>Hommage \u00e1 Picasso&nbsp;&#8211;&nbsp;Neue Nationalgalerie, Berlin<\/td><\/tr><tr><td>1972\t<\/td><td>Metamorphose des Dinges \u2013 Kunsthalle Basel, Basel<\/td><\/tr><tr><td>1971\t<\/td><td>Metamorphose de Dinges&nbsp;&#8211;&nbsp;Palazzo Reale, Milan<\/td><\/tr><tr><td><\/td><td>Metamorphose de Dinges&nbsp;&#8211;&nbsp;Neue Nationalgalerie, Berlin<\/td><\/tr><tr><td><\/td><td>ommage \u00e0 Aragon&nbsp;&#8211;&nbsp;Mus\u00e9e d&#8217;art moderne de C\u00e9ret, C\u00e9ret<\/td><\/tr><tr><td><\/td><td>Metamorphose de Dinges&nbsp;&#8211;&nbsp;Museum Boijmans van Beuningen, Rotterdam<\/td><\/tr><tr><td><\/td><td>Metamorphose de Dinges&nbsp;&#8211;&nbsp;BOZAR &#8211; Palais des Beaux-Arts \/ Paleis voor Schone Kunsten, \tBrussels<\/td><\/tr><tr><td>1968\t<\/td><td>documenta 4&nbsp;&#8211;&nbsp;Documenta, Kassel<\/td><\/tr><\/tbody><\/table><\/figure>\n<\/div>\n<\/div>\n","protected":false},"featured_media":697,"template":"","class_list":["post-1248","person","type-person","status-publish","has-post-thumbnail","hentry"],"acf":[],"_links":{"self":[{"href":"https:\/\/www.galeriekrobath.at\/en\/wp-json\/wp\/v2\/person\/1248","targetHints":{"allow":["GET"]}}],"collection":[{"href":"https:\/\/www.galeriekrobath.at\/en\/wp-json\/wp\/v2\/person"}],"about":[{"href":"https:\/\/www.galeriekrobath.at\/en\/wp-json\/wp\/v2\/types\/person"}],"version-history":[{"count":6,"href":"https:\/\/www.galeriekrobath.at\/en\/wp-json\/wp\/v2\/person\/1248\/revisions"}],"predecessor-version":[{"id":5767,"href":"https:\/\/www.galeriekrobath.at\/en\/wp-json\/wp\/v2\/person\/1248\/revisions\/5767"}],"wp:featuredmedia":[{"embeddable":true,"href":"https:\/\/www.galeriekrobath.at\/en\/wp-json\/wp\/v2\/media\/697"}],"wp:attachment":[{"href":"https:\/\/www.galeriekrobath.at\/en\/wp-json\/wp\/v2\/media?parent=1248"}],"curies":[{"name":"wp","href":"https:\/\/api.w.org\/{rel}","templated":true}]}}