{"id":1272,"date":"2021-05-26T12:44:54","date_gmt":"2021-05-26T12:44:54","guid":{"rendered":"https:\/\/neu.galeriekrobath.at\/artists\/gangl-sonja\/"},"modified":"2026-04-08T15:16:40","modified_gmt":"2026-04-08T15:16:40","slug":"gangl-sonja","status":"publish","type":"person","link":"https:\/\/www.galeriekrobath.at\/en\/artists\/gangl-sonja\/","title":{"rendered":"Gangl, Sonja"},"content":{"rendered":"\n<h2 class=\"wp-block-heading\">Sonja Gangl<\/h2>\n\n\n\n<p>Lives and works in Vienna, Austria<\/p>\n\n\n\n<p><strong>1965<\/strong> born in Graz, Austria  <\/p>\n\n\n\n<p><strong>1989<\/strong> Diploma at the Academy of Fine Arts, Vienna<br><strong>1992<\/strong> Diploma at the University of Applied Arts, Vienna<\/p>\n\n\n\n<h2 class=\"wp-block-heading\">Awards<\/h2>\n\n\n\n<p><strong>2016<\/strong> Award of the city of Vienna for Fine Arts<\/p>\n\n\n\n<div class=\"wp-block-columns is-layout-flex wp-container-core-columns-is-layout-9d6595d7 wp-block-columns-is-layout-flex\">\n<div class=\"wp-block-column is-layout-flow wp-block-column-is-layout-flow\">\n<h2 class=\"wp-block-heading\">Solo Exhibitions<\/h2>\n\n\n\n<figure class=\"wp-block-table\"><table><tbody><tr><td>2020<\/td><td>KM &#8211; K\u00fcnstlerhaus Graz, &#8220;I borrowed optimism from the past&#8221;<\/td><\/tr><tr><td><\/td><td>Who\u00b4s Afraid of Flies, Flies and Flies, KIOSK, Wien, AT<\/td><\/tr><tr><td>2019<\/td><td>Moscow International Biennale of Contemporary Art<\/td><\/tr><tr><td>2018<\/td><td>Krobath Wien, THIS IS STILL LIFE<\/td><\/tr><tr><td>2017<\/td><td>From Here To Eternity, Kunsthalle Nexus, Saalfelden<\/td><\/tr><tr><td>2016<\/td><td>\u201eWhite Cube Jesus&#8221;, Museum Moderner Kunst K\u00e4rnten, Klagenfurt<\/td><\/tr><tr><td>2015<\/td><td>\u201eGlobal Still Life\u201c, Krobath Wien, Vienna<\/td><\/tr><tr><td><\/td><td>\u201eDANCING WITH THE END\u201c, Albertina, Vienna<\/td><\/tr><tr><td>2010<\/td><td>\u201eWomen &amp; Art 2010\u201c, Biennale at the Sharjah Art Museum (representing Austria), United Arab Emirates<\/td><\/tr><tr><td><\/td><td>\u201eoscART 2010\u201c, Multiple f\u00fcr artmagazine <\/td><\/tr><tr><td>2009<\/td><td>\u201eUPGRADE 1.09\u201c, Artelier Contemporary, Graz<\/td><\/tr><tr><td>2008<\/td><td>\u201eXXX_MOVIE\u201c, in der Kubatur des Kabinetts &#8211; der Kunstsalon im Fluc, Vienna<\/td><\/tr><tr><td><\/td><td>\u201eIN THE END&#8230;\u201c, Gallery Phillipp Konzett, Vienna<\/td><\/tr><tr><td>2005<\/td><td>\u201eLe dernier souffle by REBEKA INTERNATIONAL\u201c, Projektraum Viktor Bucher, Vienna<\/td><\/tr><tr><td><\/td><td>\u201eto be continued\u201c, Galerie Eugen Lendl, Graz<\/td><\/tr><tr><td><\/td><td>\u201ela storia senza fine\u201c, artlounge Strabag artforum, Vienna <\/td><\/tr><tr><td>2000<\/td><td>\u201eREBEKA headquarter\u201c, Kunstverein Wolfsburg, Germany<\/td><\/tr><tr><td><\/td><td>\u201e1900\/2000 REBEKA\u201c, Jahresprojekt, Kunstverein Wolfsburg, Germany<\/td><\/tr><tr><td>1998<\/td><td>\u201eREBEKA UNDERWEAR\u201c, Neue Galerie am Joanneum-Studio, Graz<\/td><\/tr><tr><td>1997<\/td><td>\u201esummer starts june 10th\u201c, Austrian Cultural Institute\/Dazed&amp;Confused, London <\/td><\/tr><tr><td>1991<\/td><td>\u201eIF 6 WAS 9\u201c, University of applied Arts, Vienna<\/td><\/tr><\/tbody><\/table><\/figure>\n<\/div>\n\n\n\n<div class=\"wp-block-column is-layout-flow wp-block-column-is-layout-flow\">\n<h2 class=\"wp-block-heading\">Group Exhibitions<\/h2>\n\n\n\n<figure class=\"wp-block-table\"><table><tbody><tr><td>2026<\/td><td>Im Erweiterten Raum, K\u00fcnstlerhaus Vereinigung and STRABAG ART<\/td><\/tr><tr><td>2024<\/td><td>Die l\u00e4dierte Welt, Albertina Klosterneuburg<\/td><\/tr><tr><td>2023<\/td><td>A &#8211; 311, Atelier Contemporary<\/td><\/tr><tr><td>2022<\/td><td>&#8220;Drawing Wow 3&#8221;, Minuseins, Wien<\/td><\/tr><tr><td>2021<\/td><td>\u201e\u2026it\u2019s all about nature\u201c, Artelier Contemporary, Graz<\/td><\/tr><tr><td><\/td><td>Ladies and Gentlemen \u2013 Das fragile feministische Wir, Neue Galerie Graz Joanneumsviertel, Graz<\/td><\/tr><tr><td><\/td><td>Steiermark Schau &#8211; was sein wird Von der Zukunft zu den Zuk\u00fcnften, Kunsthaus Graz, Graz<\/td><\/tr><tr><td><\/td><td>Schwarz Wei\u00df &amp; Grau, Albertina Wien<\/td><\/tr><tr><td><\/td><td>Tour de Force \u2013 Punkt, Linie, Farbe auf dem Weg durch die \u00f6sterreichische Kunst nach 1945, Museum Liaunig, Neuhaus<\/td><\/tr><tr><td>2020<\/td><td>Warhol bis Richter. Aus den Sammlungen der ALBERTINA, Albertina, Wien, AT<\/td><\/tr><tr><td><\/td><td>Die steirische Breite III, Gerberas Fehring, Fehring, AT<\/td><\/tr><tr><td>2019<\/td><td>ORIENTEERING AND POSITIONING, New Tretjakow Gallery, Moskau, RU<\/td><\/tr><tr><td><\/td><td>Artelier Contemporary STAND B02, Viennacontemporary, Wien, AT<\/td><\/tr><tr><td>2018<\/td><td>Artelier Contemporary STAND B26, Viennacontemporary, Wien, AT<\/td><\/tr><tr><td><\/td><td>Albertina Contemporary<\/td><\/tr><tr><td><\/td><td>Structures of Thought\/Artistic Representations from Austria, Structura Gallery, Sofie Bulgarien.<\/td><\/tr><tr><td><\/td><td>Echt jetzt?! Klasse Kunst VI, Landesgalerie Linz<\/td><\/tr><tr><td><\/td><td>DRAWING NOW PARIS 12 \/ LE SALON DU DESSIN CONTEMPORAIN, CARREAU DU TEMPLE, Paris, Frankreich<\/td><\/tr><tr><td>2017<\/td><td>herbstbuch 1968-2017, Forum Stadtpark, Graz, \u00d6sterreich<\/td><\/tr><tr><td><\/td><td>LOOK! NEW ACQUISITIONS \/ NEUERWERBUNGEN, Albertina, Wien, \u00d6sterreich<\/td><\/tr><tr><td><\/td><td>Untitled &#8230;, Artelier Contemporary Galerie, Graz, \u00d6sterreich<\/td><\/tr><tr><td><\/td><td>\u201eunheimlich sch\u00f6n. Stillleben heute&#8221;, Museum Moderner Kunst K\u00e4rnten, Klagenfurt<\/td><\/tr><tr><td>2016<\/td><td>7. biennale der zeichnung &#8211; &#8220;zeichen setzen&#8221;, Kunstverein Eislingen<\/td><\/tr><tr><td><\/td><td>\u201eThe Bottom Line&#8221;,S.M.A.K.&#8221;, Gent<\/td><\/tr><tr><td><\/td><td>\u201eSONJA GANGL JOHANNA KANDL DEBORAH SENGL&#8221;, Galerie G\u00f6lles, F\u00fcrstenfeld<\/td><\/tr><tr><td>2015<\/td><td>\u201eFRONTERAS EN CUESTI\u00d3NS 2&#8243;,Centro Desarrollo de las Artes Visuales , Havanna, Cuba<\/td><\/tr><tr><td><\/td><td>STRABAG ARTCOLLECTION,Strabag Kunstforum, Wien<\/td><\/tr><tr><td><\/td><td>Drawing Now: 2015 &#8211; Albertina, Vienna <\/td><\/tr><tr><td>2014<\/td><td>\u201eW\u00f6rter als T\u00fcren &#8211; in Sprache, Kunst Kino&#8221;, K\u00fcnstlerhaus KM-, Halle f\u00fcr Kunst &amp; Medien, Graz<\/td><\/tr><tr><td>2013<\/td><td>\u201emedien.kunst.sammeln\u201c, Kunsthaus Graz Universalmuseum Joanneum, Graz<\/td><\/tr><tr><td><\/td><td>\u201eAlbertina Contemporary III\u201c, Albertina, Vienna <\/td><\/tr><tr><td><\/td><td>\u201ebe dramatic\u201c, Galerie Bechter-Kastowsky, Vienna <\/td><\/tr><tr><td>2012<\/td><td>\u201eAbstrakt.Figuration\u201c,Strabag Artcollection, Kunstmuseum Sochi, Russland<\/td><\/tr><tr><td>2011<\/td><td>ALBERTINA CONTEMPORARY Gerhard Richter bis Kiki Smith, Albertina Museum, Vienna    <\/td><\/tr><tr><td><\/td><td>X-MAS GROUPSHOW, Galerie Artelier Contemporary, Graz<\/td><\/tr><tr><td>2010<\/td><td>curated by&#8230; vienna 2010 art&amp;film, departure_ViennaArtWeek, Galerie Hilger, Wien<\/td><\/tr><tr><td><\/td><td>LANDKUNST 2010, Contemporary Art &amp; Miniature Golf, De Kienehoef, (NL)   <\/td><\/tr><tr><td><\/td><td>\u201ewertvoll &#8211; wertlos, cunst und karitas\u201c, orf-landestudio steiermark, Graz<\/td><\/tr><tr><td><\/td><td>\u201eSchuster\/Schneider 2 and Friends\u201c, Freies Museum Gel\u00e4nde, Berlin<\/td><\/tr><tr><td><\/td><td>Grand Finale of the Light Art Biennial Austria 2010, Gallery AREA 53, Wien<\/td><\/tr><tr><td>2009<\/td><td>\u201eREWIND\/FAST FORWARD\u201c, Die Videosammlung der Neuen Galerie am Landesmuseum Joanneum, Graz<\/td><\/tr><tr><td><\/td><td>Jahrhundertsturm &#8211; \u00dcber eine Weltanschauung in Schwarz-Wei\u00df, K\u00fcnstlerhaus, Graz<\/td><\/tr><tr><td><\/td><td>UTOPIA, Contemporary Art &amp; Miniature Golf, Duurzamemeierij, Tilburg (NL)     <\/td><\/tr><tr><td><\/td><td>TextBild MMIX &#8211; Kunst im \u00f6ffentlichen Raum Steiermark, steirischer herbst, Graz<\/td><\/tr><tr><td><\/td><td>URBAN SIGNS LOCAL STRATEGIES -CONTINUED, Fluc, Wien<\/td><\/tr><tr><td>2008<\/td><td>30. \u00d6sterreichischer Grafikwettbewerb Innsbruck, S\u00fcdtiroler Kulturinstitut, Bozen<\/td><\/tr><tr><td><\/td><td>\u201eR\u00fcckblende\u201c, Die Fotosammlung der Neuen Galerie am Landesmuseum Joanneum, Graz<\/td><\/tr><tr><td><\/td><td>\u201eKontra-Punkte\u201c, Central European House of Photography, Bratislava<\/td><\/tr><tr><td><\/td><td>\u201eUTOPIA\u201c, Contemporary Art &amp; Miniature Golf, Cultuur Center Knokke-Heist (B); Machinefabriek Vlissingen (NL); Stadhius Aalst (B), <\/td><\/tr><tr><td><\/td><td>ARTI39IBASEL, Galerie Edition Artelier, Basel<\/td><\/tr><tr><td><\/td><td>\u201eDIE VOR- DER NACHBILDER\u201c, Maerz, Linz<\/td><\/tr><tr><td><\/td><td>\u201eNach 1970 &#8211; \u00d6sterreichische Kunst aus der Albertina\u201c, Albertina, Wien<\/td><\/tr><tr><td><\/td><td>\u201ephoto_graz\u201c, K\u00fcnstlerhaus, Graz<\/td><\/tr><tr><td>2007<\/td><td>\u201eKontra-Punkte\u201c, National Art Gallery, Prishtina; Galerija Matice srpske, Srbija; <\/td><\/tr><tr><td><\/td><td>Austriackie Forum Kultury, Warschau; Galeria Szyperska, Pozan, Polen; <\/td><\/tr><tr><td><\/td><td>Galerie Fotoforum West, Innsbruck<\/td><\/tr><tr><td><\/td><td>\u201eThere is no border, there is no border, there is no border, no border, no border, <\/td><\/tr><tr><td><\/td><td>no border, I wish\u201c, Galerie im Taxispalais, Innsbruck<\/td><\/tr><tr><td><\/td><td>30. \u00d6sterreichischer Grafikwettbewerb Innsbruck, Galerie im Taxispalais, Innsbruck<\/td><\/tr><tr><td><\/td><td>R\u00fcckblende, Die Fotosammlung der Neuen Galerie am Landesmuseum Joanneum, Graz<\/td><\/tr><tr><td>2006<\/td><td>\u201eart talk\u201c, t-mobil Center, Wien<\/td><\/tr><tr><td><\/td><td>\u201eKontra-Punkte\u201c, Fotoklub, Zagreb, Gallery Photon, Ljubjana, Photogallery STOLP, Maribor, Dom Omladine Gallery, Belgrad, Pera Museum, Istanbul<\/td><\/tr><tr><td><\/td><td>ARTI38IBASEL, Galerie Edition Artelier, Basel<\/td><\/tr><tr><td><\/td><td>Kunstrai-Internationale Kunstmesse, Gallery INSITU, Amsterdam<\/td><\/tr><tr><td><\/td><td>\u201eArchitektur des Blicks\u201c, Erste Bank Lounge, Wien<\/td><\/tr><tr><td><\/td><td>\u201eprops and prostheses\u201c, Reverberations of the Body in contemporay Austrian Art, <\/td><\/tr><tr><td><\/td><td>Grad Kodeljevo, Ljubiana<\/td><\/tr><tr><td>2005<\/td><td>Strabag Art Award 2005, Kunstforum Strabag Haus, Wien<\/td><\/tr><tr><td><\/td><td>GEKLEURDE VORMGEVING, Stedelijk Museum, Aalst<\/td><\/tr><tr><td><\/td><td>Kontra-Punkte, House of Arts, P\u00e9cs, Ungarn\/istarska sabornica, Porec <\/td><\/tr><tr><td><\/td><td>photo_graz, tratari mit Kulturvermittlung Steiermark, Graz<\/td><\/tr><tr><td><\/td><td>ZEICHNUNG, Galerie Altn\u00f6der, Salzburg<\/td><\/tr><tr><td><\/td><td>\u201eLebt und arbeitet auch in Wien\u201c, Projektraum Viktor Bucher, Wien<\/td><\/tr><tr><td><\/td><td>Neuerwerbungen f\u00fcr die Sammlung der Neuen Galerie 2005, Neue Galerie Studio, Graz<\/td><\/tr><tr><td>2004<\/td><td>\u201eShort stories\u201c, Galerie Eugen Lendl, Graz<\/td><\/tr><tr><td><\/td><td>\u201eStadtbewohnerInnen &#8211; City Dwellers\u201c, Forum Stadtpark, Graz<\/td><\/tr><tr><td><\/td><td>kunst wien \u00b404, Museum f\u00fcr angewandt Kunst (MAK), Galerie Eugen Lendl, Wien<\/td><\/tr><tr><td><\/td><td>\u201eIdentit\u00e4ten\u201c, Projektraum Viktor Bucher, Wien <\/td><\/tr><tr><td><\/td><td>\u201eONUFRI 2004 &#8211; chosen places\u201c, National Gallery of Arts, Tirana<\/td><\/tr><tr><td><\/td><td>F\u00f6rderungspreis des Landes Steiermark f\u00fcr zeitgen\u00f6ssische bildende Kunst 2004, <\/td><\/tr><tr><td><\/td><td>Neue Galerie am Joanneum, Graz<\/td><\/tr><tr><td>2003<\/td><td>\u201eOperation Figurini, Eine Reise in das Innere von Wien\u201c, Wien<\/td><\/tr><tr><td><\/td><td>Art position 2003 &#8211; Jahres\u00fcberblick zur jungen Kunst in Wien, Wien<\/td><\/tr><tr><td><\/td><td>Art position at Sotheby\u00b4s, Palais Wilczek, Wien<\/td><\/tr><tr><td><\/td><td>Fluten, Wasserturm Wien-Favoriten<\/td><\/tr><tr><td><\/td><td>frisch saftig steirisch, Kunstforum beim Rathaus, Hallein<\/td><\/tr><tr><td><\/td><td>steirischerherbst, Projektraum Viktor Bucher, Wien<\/td><\/tr><tr><td><\/td><td>all about : femal sex, Galerie Academia, Salzburg<\/td><\/tr><tr><td>2002<\/td><td>\u201eThat\u00b4s new\u201c, IGbildendeKunst, Wien<\/td><\/tr><tr><td><\/td><td>\u201ePapers\u201c, Galerie Eugen Lendl, Graz<\/td><\/tr><tr><td><\/td><td>Soho in Ottakring, Kunst im \u00f6ffentlichen Raum, Wien<\/td><\/tr><tr><td><\/td><td>Art Forum Berlin, Kunstmesse Berlin 02<\/td><\/tr><tr><td>2001<\/td><td>\u201e88 Euro\u201c, ict, Wien<\/td><\/tr><tr><td>2000<\/td><td>\u201eSHOOT, moving pictures by artists\u201c, (Videorama), Malm\u00f6<\/td><\/tr><tr><td><\/td><td>new Austrian spotlight, Universit\u00e4t Marmara, Istanbul<\/td><\/tr><tr><td><\/td><td>Kunst im \u00f6ffentlichen Raum, Etsdorf\/Kamp<\/td><\/tr><tr><td>1999<\/td><td>\u201epresent perfect\u201c, Galerie Stadtpark, Krems<\/td><\/tr><tr><td><\/td><td>European Artforum, Kunstmesse-Berlin \u00b499<\/td><\/tr><tr><td><\/td><td>Betaville, Sofia<\/td><\/tr><tr><td><\/td><td>\u201ehappy 00\u201c, Videoprojekt im \u00f6ffentlichen Raum, Graz<\/td><\/tr><tr><td><\/td><td>Kunst &amp; Globale Medien, Insert in n.paradoxa, steirischer herbst, Graz<\/td><\/tr><tr><td>1998<\/td><td>\u201ePhotophilie\u201c, Gamla Riksarkivet, Stockholm<\/td><\/tr><tr><td><\/td><td>\u201eDie Normalen\u201c, Austrian Cultural Institute, London<\/td><\/tr><tr><td><\/td><td>\u201eTu felix Austria III\u201c, Galerie K\u00f6nig, Wien<\/td><\/tr><tr><td>1997<\/td><td>REBEKA, Kunstverein Ludwigsburg <\/td><\/tr><tr><td><\/td><td>STRANGE ENCOUNTERS, Bricks &amp; Kicks, Wien<\/td><\/tr><tr><td><\/td><td>lexicon, Centre for Freudian Research and Analysis, London<\/td><\/tr><tr><td><\/td><td>F\u00f6rderungspreis f\u00fcr Neue Medien, Neue Galerie am Joanneum, Graz<\/td><\/tr><tr><td>1996<\/td><td>\u201elove and death and all that\u201c, Galerie Steinek, Wien<\/td><\/tr><tr><td><\/td><td>\u201eHinter-Sinnig\u201c, Galerie Eugen Lendl, Graz<\/td><\/tr><tr><td><\/td><td>\u201eEat the passion\u201c, 4 Rooms, Wien<\/td><\/tr><tr><td><\/td><td>\u201ePhotophilie\u201c, Galerie Steinek, Wien<\/td><\/tr><tr><td><\/td><td>\u201eDie Normalen\u201c, Schlo\u00df Farrach, Zeltweg<\/td><\/tr><tr><td><\/td><td>\u201eAktuelle Kunst &#8211; Ankaufsperiode 1995\u201c, Parlament, Wien<\/td><\/tr><tr><td><\/td><td>EUROPEAN ARTFORUM, Kunstmesse-Berlin \u00b496                       <\/td><\/tr><tr><td><\/td><td>kunst wien \u00b496, Museum f\u00fcr angewandt Kunst (MAK), Wien<\/td><\/tr><tr><td>1995<\/td><td>\u201eHier und jetzt: Das zu tun was zu tun ist\u201c, springerpool, elektronische Zeitschrift f\u00fcr Gegenwartskunst,Wien\/N.Y.<\/td><\/tr><tr><td>1994<\/td><td>Trumpf &#8211; Kunst Kiosk, Hamburg<\/td><\/tr><tr><td><\/td><td>7, Westbahnstrasse 33, Wien  <\/td><\/tr><tr><td><\/td><td>Neue Wege, Palais Trauttmansdorff, Graz<\/td><\/tr><tr><td><\/td><td>Thomas Baumann, Ivica Capan, Sonja Gangl, Elionore Weber \u2013 4 junge Wiener K\u00fcnstler, Galerie Knoll, Wien<\/td><\/tr><tr><td>1993<\/td><td>Transpositionen, Ambrosi-Museum, Wien<\/td><\/tr><tr><td>1992<\/td><td>Sonja Gangl, Dorothee Golz, Robert Najar, Hans Scharnagl, Kunstverein Horn; Salle de bal, Wien<\/td><\/tr><tr><td><\/td><td>Zeitschnitte \u201a92 \u2013 Aktuelle Kunst aus \u00d6sterreich, Museumsquartier, Wien<\/td><\/tr><tr><td>1990<\/td><td>Internationales Symposium Kunst und Papier, Kochi, Japan<\/td><\/tr><tr><td>1989<\/td><td>\u201eSie betreten die Akademie\u201c, Akademie der bildenden K\u00fcnste, Wien<\/td><\/tr><tr><td>1988<\/td><td>\u201eJugendwerke am Schillerplatz\u201c, Akademie der bildenden K\u00fcnste, Wien   <\/td><\/tr><\/tbody><\/table><\/figure>\n<\/div>\n<\/div>\n\n\n\n<div class=\"wp-block-columns is-layout-flex wp-container-core-columns-is-layout-9d6595d7 wp-block-columns-is-layout-flex\">\n<div class=\"wp-block-column is-layout-flow wp-block-column-is-layout-flow\">\n<h2 class=\"wp-block-heading\">Art in public space<\/h2>\n\n\n\n<figure class=\"wp-block-table\"><table><tbody><tr><td>2010<\/td><td>LOCUS AMOENUS \/ EDUARD-KEIL-GASSE 63<\/td><\/tr><tr><td><\/td><td>SCH\u00d6NES WOHNEN, Kunst im \u00f6ffentlichen Raum Steiermark, Gr\u00fcnangersiedlung\/Graz (geladenes Projekt zum steirischen herbst\/permanentes Kunstwerk)<\/td><\/tr><tr><td>2008\/09<\/td><td>authorized graffiti, Ernst Arnold Park, Wien (geladener Wettbewerb\/nicht realisiert)<\/td><\/tr><tr><td><\/td><td>FARBRESONANZEN &#8211; false-color-identities, LKH-Rottenmann, Rottenmann (geladener Wettbewerb)<\/td><\/tr><tr><td>2006\/12<\/td><td>\u201e2006 \u222b 2012\u201c, Glyzinienhof, SCHLOSSPARK EYBESFELD, Lebring (geladen zum Konzept durch die Eigent\u00fcmer)<\/td><\/tr><tr><td>2004\/05<\/td><td>15\u00b0 26\u00b4 15\u00b4\u00b4  47\u00b0 05\u00b4 12\u00b4\u00b4, ehemalige Bushaltestelle Wirtschaftskammer Graz (geladener Wettbewerb)<\/td><\/tr><tr><td>2002\/07<\/td><td>t+4e, Kunst am Hauptplatz Graz (geladener Wettbewerb)<\/td><\/tr><tr><td>1995\/96<\/td><td>CHICAGO KISS, Pier West &#8211; Flughafen Wien (geladener Wettbewerb)<\/td><\/tr><\/tbody><\/table><\/figure>\n\n\n\n<p><\/p>\n<\/div>\n\n\n\n<div class=\"wp-block-column is-layout-flow wp-block-column-is-layout-flow\"><\/div>\n<\/div>\n","protected":false},"featured_media":1556,"template":"","class_list":["post-1272","person","type-person","status-publish","has-post-thumbnail","hentry"],"acf":[],"_links":{"self":[{"href":"https:\/\/www.galeriekrobath.at\/en\/wp-json\/wp\/v2\/person\/1272","targetHints":{"allow":["GET"]}}],"collection":[{"href":"https:\/\/www.galeriekrobath.at\/en\/wp-json\/wp\/v2\/person"}],"about":[{"href":"https:\/\/www.galeriekrobath.at\/en\/wp-json\/wp\/v2\/types\/person"}],"version-history":[{"count":8,"href":"https:\/\/www.galeriekrobath.at\/en\/wp-json\/wp\/v2\/person\/1272\/revisions"}],"predecessor-version":[{"id":12533,"href":"https:\/\/www.galeriekrobath.at\/en\/wp-json\/wp\/v2\/person\/1272\/revisions\/12533"}],"wp:featuredmedia":[{"embeddable":true,"href":"https:\/\/www.galeriekrobath.at\/en\/wp-json\/wp\/v2\/media\/1556"}],"wp:attachment":[{"href":"https:\/\/www.galeriekrobath.at\/en\/wp-json\/wp\/v2\/media?parent=1272"}],"curies":[{"name":"wp","href":"https:\/\/api.w.org\/{rel}","templated":true}]}}